{"id":425,"date":"2023-11-08T11:47:10","date_gmt":"2023-11-08T10:47:10","guid":{"rendered":"https:\/\/swissdatacommunity.ch\/all-events\/swisscommunity-day-on-data\/"},"modified":"2024-02-19T14:49:56","modified_gmt":"2024-02-19T13:49:56","slug":"swisscommunity-day-on-data","status":"publish","type":"mec-events","link":"https:\/\/swissdatacommunity.ch\/fr\/tous-evenements\/swisscommunity-day-on-data\/","title":{"rendered":"Swiss CommUNITY Day on Data"},"content":{"rendered":"<p>Cette ann\u00e9e 2023 a vu la mise en oeuvre de la r\u00e9organisation des organes de l\u2019OFS sous le nom de Community Management. Maintenant que l\u2019ann\u00e9e se termine, l\u2019occasion se pr\u00e9sente le 4 d\u00e9cembre 2023 de se r\u00e9unir au Volkshaus de Zurich pour \u00e9changer avec des membres de tous les organes.<\/p>\n<p>Il y aura plusieurs interventions par les autorit\u00e9s dont celle de notre h\u00f4te, le canton de Zurich, celle du directeur de l\u2019Office F\u00e9d\u00e9ral de la Statistique et \u00e9galement celle du directeur de l\u2019Administration Num\u00e9rique Suisse. Ce sera \u00e9galement l\u2019occasion de suivre des ateliers dans un domaine en particulier: cette ann\u00e9e, il s\u2019agit des donn\u00e9es publiques ouvertes (OGD).<\/p>\n<p>Ces ateliers sont pr\u00e9vus pour chaque phase de d\u00e9veloppement et trouveront un int\u00e9r\u00eat aupr\u00e8s de chaque participant. Finalement, la journ\u00e9e se terminera sur une conclusion de la journ\u00e9e suivie par un moment de d\u00e9tente accompagn\u00e9 par de la musique.<\/p>\n<p>&nbsp;<\/p>\n<h2 class=\"FW500 red\">Ateliers de discussion OGD: des bases aux applications sp\u00e9cifiques<\/h2>\n<h3 id=\"programm\" class=\"red\">Programme<\/h3>\n<div class=\"table-programm\">\n<p class=\"FW500 red\">Bienvenue et vue d\u2019ensemble<\/p>\n<table>\n<tbody>\n<tr>\n<td>08h30 \u2013 09h00<\/td>\n<td>Arriv\u00e9e et caf\u00e9 + th\u00e9<\/td>\n<\/tr>\n<tr>\n<td>09h00 \u2013 09h05<\/td>\n<td>Accueil et mot de bienvenue<\/td>\n<\/tr>\n<tr>\n<td>09h05 \u2013 09h15<\/td>\n<td>Remarques d\u2019introduction par le canton de Zurich<\/td>\n<\/tr>\n<tr>\n<td>09h15 \u2013 09h25<\/td>\n<td>Introduction par l\u2019OFS et l\u2019ANS<\/td>\n<\/tr>\n<tr>\n<td>09h25 \u2013 09h40<\/td>\n<td>\u00c9tat de la plate-forme d\u2019informations + rapport sur les visites<\/td>\n<\/tr>\n<tr>\n<td>09h40 \u2013 10h00<\/td>\n<td>Discussion de groupe: Setting the scene et \u00e9tat des lieux sur les diff\u00e9rents projets et travaux accomplis en 2023<\/td>\n<\/tr>\n<\/tbody>\n<\/table>\n<p class=\"FW500 red\">Th\u00e9matique du jour<\/p>\n<table>\n<tbody>\n<tr>\n<td>10h00 \u2013 10h45<\/td>\n<td>Pause-caf\u00e9<\/td>\n<\/tr>\n<tr>\n<td>10h45 \u2013 11h00<\/td>\n<td>Input sur OGD: Table ronde avec deux repr\u00e9sentants de l\u2019OGD + introduction aux ateliers<\/td>\n<\/tr>\n<tr>\n<td>11h00 \u2013 12h00<\/td>\n<td>Ateliers de discussion I, \u00ables bases des OGD\u00bb, 5 th\u00e8mes<\/td>\n<\/tr>\n<tr>\n<td>12h00 \u2013 13h15<\/td>\n<td>Pause de midi (standing lunch)<\/td>\n<\/tr>\n<tr>\n<td>13h15 \u2013 14h15<\/td>\n<td>Ateliers de discussion II, \u00abOGD et domaines sp\u00e9cialis\u00e9s\u00bb, 5 th\u00e8mes<\/td>\n<\/tr>\n<tr>\n<td>14h15 \u2013 14h45<\/td>\n<td>Rapports des groupes: discussion et lancement d\u2019actions<\/td>\n<\/tr>\n<tr>\n<td>14h45 \u2013 15h30<\/td>\n<td>Pause-caf\u00e9<\/td>\n<\/tr>\n<\/tbody>\n<\/table>\n<p class=\"FW500 red\">C\u00e9r\u00e9monie de fermeture<\/p>\n<table>\n<tbody>\n<tr>\n<td>15h30 \u2013 16h15<\/td>\n<td>Closing Panel<\/td>\n<\/tr>\n<tr>\n<td>16h15 \u2013 16h35<\/td>\n<td>Discours d\u2019un intervenant<\/td>\n<\/tr>\n<tr>\n<td>16h35 \u2013 16h45<\/td>\n<td>Cl\u00f4ture et next steps<\/td>\n<\/tr>\n<tr>\n<td>16h45 \u2013 18h30<\/td>\n<td>Fin de journ\u00e9e, ap\u00e9ritif gourmand et musique live<\/td>\n<\/tr>\n<\/tbody>\n<\/table>\n<\/div>\n<p>&nbsp;<\/p>\n<p>Le secr\u00e9tariat OGD et une s\u00e9lection d\u2019experts dans le domaine des donn\u00e9es animeront deux sessions d\u2019ateliers interactifs selon la m\u00e9thode du World Caf\u00e9. Les discussions traiteront des concepts et d\u00e9finitions de base des Open Government Data, des aspects juridiques, de la gestion des donn\u00e9es et de la qualit\u00e9 des (m\u00e9ta)donn\u00e9es, ainsi que des connexions avec des domaines sp\u00e9cifiques tels les espaces de donn\u00e9es, le machine learning et l\u2019intelligence artificielle. Ces workshops s\u2019adressent \u00e0 un public vari\u00e9, avec ou sans connaissances pr\u00e9alables de la th\u00e9matique OGD.<\/p>\n<hr class=\"\" style=\"margin:0 auto 30px;\"\/>\n\n<div style=\"background-color:#FAFAFA;padding:20px;\">\n<h4><i class=\"icon-down-1\" style=\"color:#d8232a\" aria-hidden=\"true\"><\/i> \u00c0 t\u00e9l\u00e9charger<\/h4>\n<p>&nbsp;<br \/>\n<a href=\"\/wp-content\/uploads\/2023\/12\/programme-swiss-community-dayondata-2023.pdf\" target=\"_blank\" rel=\"noopener\"><i class=\"far fa-file-pdf\" style=\"color:#d8232a\" aria-hidden=\"true\"><\/i>   Programme du jour<\/a><\/p>\n<p><a href=\"\/wp-content\/uploads\/2023\/12\/scdod-keynote-marcel-salathe.pdf\" target=\"_blank\" rel=\"noopener\"><i class=\"far fa-file-pdf\" style=\"color:#d8232a\" aria-hidden=\"true\"><\/i>    SCDoD Keynote Marcel Salath\u00e9<\/a><\/p>\n<p><a href=\"\/wp-content\/uploads\/2023\/12\/scdod-introduction-aux-atelier-mro.pdf\" target=\"_blank\" rel=\"noopener\"><i class=\"far fa-file-pdf\" style=\"color:#d8232a\" aria-hidden=\"true\"><\/i>    SCDoD Introduction aux atelier MRO<\/a><\/p>\n<p><a href=\"\/wp-content\/uploads\/2023\/12\/scdod-2023.pdf\" target=\"_blank\" rel=\"noopener\"><i class=\"far fa-file-pdf\" style=\"color:#d8232a\" aria-hidden=\"true\"><\/i>    SCDoD 2023<\/a><\/p>\n<p><a href=\"\/wp-content\/uploads\/2024\/02\/20231204_SCDoD_Bericht_Workshops_def.pdf\" target=\"_blank\" rel=\"noopener\"><i class=\"far fa-file-pdf\" style=\"color:#d8232a\" aria-hidden=\"true\"><\/i>    Bericht Workshops<\/a><\/p>\n<\/div>\n<p><img decoding=\"async\" src=\"https:\/\/swissdatacommunity.ch\/wp-content\/uploads\/2023\/11\/logo-design-v2.svg\" alt=\"design-logo\" \/><\/p>\n<div class=\"share-simple-wrapper share_item\"><span class=\"share-label\">Partager<\/span><div class=\"icons\"><a target=\"_blank\" class=\"facebook\" href=\"https:\/\/www.facebook.com\/sharer\/sharer.php?u=https%3A%2F%2Fswissdatacommunity.ch%2Ffr%2Ftous-evenements%2Fswisscommunity-day-on-data%2F\"><i class=\"icon-facebook\" aria-label=\"facebook icon\"><\/i><\/a><a target=\"_blank\" class=\"twitter\" href=\"https:\/\/twitter.com\/intent\/tweet?text=swissdatacommunity.ch.+https%3A%2F%2Fswissdatacommunity.ch%2Ffr%2Ftous-evenements%2Fswisscommunity-day-on-data%2F\"><i class=\"icon-x-twitter\" aria-label=\"x twitter icon\"><\/i><\/a><a target=\"_blank\" class=\"linkedin\" href=\"https:\/\/www.linkedin.com\/shareArticle?mini=true&url=https%3A%2F%2Fswissdatacommunity.ch%2Ffr%2Ftous-evenements%2Fswisscommunity-day-on-data%2F\"><i class=\"icon-linkedin\" aria-label=\"linkedin icon\"><\/i><\/a><a target=\"_blank\" class=\"pinterest\" href=\"https:\/\/pinterest.com\/pin\/find\/?url=https%3A%2F%2Fswissdatacommunity.ch%2Ffr%2Ftous-evenements%2Fswisscommunity-day-on-data%2F\"><i class=\"icon-pinterest\" aria-label=\"pinterest icon\"><\/i><\/a><\/div><\/div>\n","protected":false},"excerpt":{"rendered":"<p>Cette ann\u00e9e 2023 a vu la mise en oeuvre de la r\u00e9organisation des organes de l\u2019OFS sous le nom de<span class=\"excerpt-hellip\"> [\u2026]<\/span><\/p>\n","protected":false},"author":1,"featured_media":420,"comment_status":"closed","ping_status":"closed","template":"","tags":[],"mec_category":[],"class_list":["post-425","mec-events","type-mec-events","status-publish","has-post-thumbnail","hentry"],"yoast_head":"<!-- This site is optimized with the Yoast SEO plugin v27.5 - https:\/\/yoast.com\/product\/yoast-seo-wordpress\/ -->\n<title>Swiss CommUNITY Day on Data - swissdatacommunity.ch<\/title>\n<meta name=\"robots\" content=\"index, follow, max-snippet:-1, max-image-preview:large, max-video-preview:-1\" \/>\n<link rel=\"canonical\" href=\"https:\/\/swissdatacommunity.ch\/fr\/tous-evenements\/swisscommunity-day-on-data\/\" \/>\n<meta property=\"og:locale\" content=\"fr_FR\" \/>\n<meta property=\"og:type\" content=\"article\" \/>\n<meta property=\"og:title\" content=\"Swiss CommUNITY Day on Data - swissdatacommunity.ch\" \/>\n<meta property=\"og:description\" content=\"Cette ann\u00e9e 2023 a vu la mise en oeuvre de la r\u00e9organisation des organes de l\u2019OFS sous le nom de [\u2026]\" \/>\n<meta property=\"og:url\" content=\"https:\/\/swissdatacommunity.ch\/fr\/tous-evenements\/swisscommunity-day-on-data\/\" \/>\n<meta property=\"og:site_name\" content=\"swissdatacommunity.ch\" \/>\n<meta property=\"article:modified_time\" content=\"2024-02-19T13:49:56+00:00\" \/>\n<meta property=\"og:image\" content=\"https:\/\/swissdatacommunity.ch\/wp-content\/uploads\/2023\/11\/volkshaus-zurich.jpg\" \/>\n\t<meta property=\"og:image:width\" content=\"800\" \/>\n\t<meta property=\"og:image:height\" content=\"533\" \/>\n\t<meta property=\"og:image:type\" content=\"image\/jpeg\" \/>\n<meta name=\"twitter:card\" content=\"summary_large_image\" \/>\n<meta name=\"twitter:label1\" content=\"Dur\u00e9e de lecture estim\u00e9e\" \/>\n\t<meta name=\"twitter:data1\" content=\"3 minutes\" \/>\n<script type=\"application\/ld+json\" class=\"yoast-schema-graph\">{\"@context\":\"https:\\\/\\\/schema.org\",\"@graph\":[{\"@type\":\"WebPage\",\"@id\":\"https:\\\/\\\/swissdatacommunity.ch\\\/fr\\\/tous-evenements\\\/swisscommunity-day-on-data\\\/\",\"url\":\"https:\\\/\\\/swissdatacommunity.ch\\\/fr\\\/tous-evenements\\\/swisscommunity-day-on-data\\\/\",\"name\":\"Swiss CommUNITY Day on Data - swissdatacommunity.ch\",\"isPartOf\":{\"@id\":\"https:\\\/\\\/swissdatacommunity.ch\\\/fr\\\/#website\"},\"primaryImageOfPage\":{\"@id\":\"https:\\\/\\\/swissdatacommunity.ch\\\/fr\\\/tous-evenements\\\/swisscommunity-day-on-data\\\/#primaryimage\"},\"image\":{\"@id\":\"https:\\\/\\\/swissdatacommunity.ch\\\/fr\\\/tous-evenements\\\/swisscommunity-day-on-data\\\/#primaryimage\"},\"thumbnailUrl\":\"https:\\\/\\\/swissdatacommunity.ch\\\/wp-content\\\/uploads\\\/2023\\\/11\\\/volkshaus-zurich.jpg\",\"datePublished\":\"2023-11-08T10:47:10+00:00\",\"dateModified\":\"2024-02-19T13:49:56+00:00\",\"breadcrumb\":{\"@id\":\"https:\\\/\\\/swissdatacommunity.ch\\\/fr\\\/tous-evenements\\\/swisscommunity-day-on-data\\\/#breadcrumb\"},\"inLanguage\":\"fr-FR\",\"potentialAction\":[{\"@type\":\"ReadAction\",\"target\":[\"https:\\\/\\\/swissdatacommunity.ch\\\/fr\\\/tous-evenements\\\/swisscommunity-day-on-data\\\/\"]}]},{\"@type\":\"ImageObject\",\"inLanguage\":\"fr-FR\",\"@id\":\"https:\\\/\\\/swissdatacommunity.ch\\\/fr\\\/tous-evenements\\\/swisscommunity-day-on-data\\\/#primaryimage\",\"url\":\"https:\\\/\\\/swissdatacommunity.ch\\\/wp-content\\\/uploads\\\/2023\\\/11\\\/volkshaus-zurich.jpg\",\"contentUrl\":\"https:\\\/\\\/swissdatacommunity.ch\\\/wp-content\\\/uploads\\\/2023\\\/11\\\/volkshaus-zurich.jpg\",\"width\":800,\"height\":533,\"caption\":\"Volkshaus Zurich\"},{\"@type\":\"BreadcrumbList\",\"@id\":\"https:\\\/\\\/swissdatacommunity.ch\\\/fr\\\/tous-evenements\\\/swisscommunity-day-on-data\\\/#breadcrumb\",\"itemListElement\":[{\"@type\":\"ListItem\",\"position\":1,\"name\":\"Home\",\"item\":\"https:\\\/\\\/swissdatacommunity.ch\\\/fr\\\/\"},{\"@type\":\"ListItem\",\"position\":2,\"name\":\"Swiss CommUNITY Day on Data\"}]},{\"@type\":\"WebSite\",\"@id\":\"https:\\\/\\\/swissdatacommunity.ch\\\/fr\\\/#website\",\"url\":\"https:\\\/\\\/swissdatacommunity.ch\\\/fr\\\/\",\"name\":\"swissdatacommUNITY\",\"description\":\"\",\"potentialAction\":[{\"@type\":\"SearchAction\",\"target\":{\"@type\":\"EntryPoint\",\"urlTemplate\":\"https:\\\/\\\/swissdatacommunity.ch\\\/fr\\\/?s={search_term_string}\"},\"query-input\":{\"@type\":\"PropertyValueSpecification\",\"valueRequired\":true,\"valueName\":\"search_term_string\"}}],\"inLanguage\":\"fr-FR\"}]}<\/script>\n<!-- \/ Yoast SEO plugin. -->","yoast_head_json":{"title":"Swiss CommUNITY Day on Data - swissdatacommunity.ch","robots":{"index":"index","follow":"follow","max-snippet":"max-snippet:-1","max-image-preview":"max-image-preview:large","max-video-preview":"max-video-preview:-1"},"canonical":"https:\/\/swissdatacommunity.ch\/fr\/tous-evenements\/swisscommunity-day-on-data\/","og_locale":"fr_FR","og_type":"article","og_title":"Swiss CommUNITY Day on Data - swissdatacommunity.ch","og_description":"Cette ann\u00e9e 2023 a vu la mise en oeuvre de la r\u00e9organisation des organes de l\u2019OFS sous le nom de [\u2026]","og_url":"https:\/\/swissdatacommunity.ch\/fr\/tous-evenements\/swisscommunity-day-on-data\/","og_site_name":"swissdatacommunity.ch","article_modified_time":"2024-02-19T13:49:56+00:00","og_image":[{"width":800,"height":533,"url":"https:\/\/swissdatacommunity.ch\/wp-content\/uploads\/2023\/11\/volkshaus-zurich.jpg","type":"image\/jpeg"}],"twitter_card":"summary_large_image","twitter_misc":{"Dur\u00e9e de lecture estim\u00e9e":"3 minutes"},"schema":{"@context":"https:\/\/schema.org","@graph":[{"@type":"WebPage","@id":"https:\/\/swissdatacommunity.ch\/fr\/tous-evenements\/swisscommunity-day-on-data\/","url":"https:\/\/swissdatacommunity.ch\/fr\/tous-evenements\/swisscommunity-day-on-data\/","name":"Swiss CommUNITY Day on Data - swissdatacommunity.ch","isPartOf":{"@id":"https:\/\/swissdatacommunity.ch\/fr\/#website"},"primaryImageOfPage":{"@id":"https:\/\/swissdatacommunity.ch\/fr\/tous-evenements\/swisscommunity-day-on-data\/#primaryimage"},"image":{"@id":"https:\/\/swissdatacommunity.ch\/fr\/tous-evenements\/swisscommunity-day-on-data\/#primaryimage"},"thumbnailUrl":"https:\/\/swissdatacommunity.ch\/wp-content\/uploads\/2023\/11\/volkshaus-zurich.jpg","datePublished":"2023-11-08T10:47:10+00:00","dateModified":"2024-02-19T13:49:56+00:00","breadcrumb":{"@id":"https:\/\/swissdatacommunity.ch\/fr\/tous-evenements\/swisscommunity-day-on-data\/#breadcrumb"},"inLanguage":"fr-FR","potentialAction":[{"@type":"ReadAction","target":["https:\/\/swissdatacommunity.ch\/fr\/tous-evenements\/swisscommunity-day-on-data\/"]}]},{"@type":"ImageObject","inLanguage":"fr-FR","@id":"https:\/\/swissdatacommunity.ch\/fr\/tous-evenements\/swisscommunity-day-on-data\/#primaryimage","url":"https:\/\/swissdatacommunity.ch\/wp-content\/uploads\/2023\/11\/volkshaus-zurich.jpg","contentUrl":"https:\/\/swissdatacommunity.ch\/wp-content\/uploads\/2023\/11\/volkshaus-zurich.jpg","width":800,"height":533,"caption":"Volkshaus Zurich"},{"@type":"BreadcrumbList","@id":"https:\/\/swissdatacommunity.ch\/fr\/tous-evenements\/swisscommunity-day-on-data\/#breadcrumb","itemListElement":[{"@type":"ListItem","position":1,"name":"Home","item":"https:\/\/swissdatacommunity.ch\/fr\/"},{"@type":"ListItem","position":2,"name":"Swiss CommUNITY Day on Data"}]},{"@type":"WebSite","@id":"https:\/\/swissdatacommunity.ch\/fr\/#website","url":"https:\/\/swissdatacommunity.ch\/fr\/","name":"swissdatacommUNITY","description":"","potentialAction":[{"@type":"SearchAction","target":{"@type":"EntryPoint","urlTemplate":"https:\/\/swissdatacommunity.ch\/fr\/?s={search_term_string}"},"query-input":{"@type":"PropertyValueSpecification","valueRequired":true,"valueName":"search_term_string"}}],"inLanguage":"fr-FR"}]}},"_links":{"self":[{"href":"https:\/\/swissdatacommunity.ch\/fr\/wp-json\/wp\/v2\/mec-events\/425","targetHints":{"allow":["GET"]}}],"collection":[{"href":"https:\/\/swissdatacommunity.ch\/fr\/wp-json\/wp\/v2\/mec-events"}],"about":[{"href":"https:\/\/swissdatacommunity.ch\/fr\/wp-json\/wp\/v2\/types\/mec-events"}],"author":[{"embeddable":true,"href":"https:\/\/swissdatacommunity.ch\/fr\/wp-json\/wp\/v2\/users\/1"}],"replies":[{"embeddable":true,"href":"https:\/\/swissdatacommunity.ch\/fr\/wp-json\/wp\/v2\/comments?post=425"}],"wp:featuredmedia":[{"embeddable":true,"href":"https:\/\/swissdatacommunity.ch\/fr\/wp-json\/wp\/v2\/media\/420"}],"wp:attachment":[{"href":"https:\/\/swissdatacommunity.ch\/fr\/wp-json\/wp\/v2\/media?parent=425"}],"wp:term":[{"taxonomy":"post_tag","embeddable":true,"href":"https:\/\/swissdatacommunity.ch\/fr\/wp-json\/wp\/v2\/tags?post=425"},{"taxonomy":"mec_category","embeddable":true,"href":"https:\/\/swissdatacommunity.ch\/fr\/wp-json\/wp\/v2\/mec_category?post=425"}],"curies":[{"name":"wp","href":"https:\/\/api.w.org\/{rel}","templated":true}]}}