{"id":1063,"date":"2025-03-24T13:55:50","date_gmt":"2025-03-24T12:55:50","guid":{"rendered":"https:\/\/swissdatacommunity.ch\/all-events\/swisscommunity-day-on-data-2025\/"},"modified":"2025-12-15T11:26:49","modified_gmt":"2025-12-15T10:26:49","slug":"swisscommunity-day-on-data-2025","status":"publish","type":"mec-events","link":"https:\/\/swissdatacommunity.ch\/fr\/tous-evenements\/swisscommunity-day-on-data-2025\/","title":{"rendered":"Swiss CommUNITY Day on Data 2025"},"content":{"rendered":"<p>Nous sommes ravis d\u2019annoncer la 3<sup>e<\/sup> \u00e9dition du Swiss Community Day on Data, qui se concentrera sur le th\u00e8me des plateformes de donn\u00e9es.<\/p>\n<p>&nbsp;<\/p>\n<h2 id=\"programm\" class=\"red FW500\">Programme du 3<sup>e<\/sup> Swiss Community Day on Data<\/h2>\n<h3>Jeudi 4 d\u00e9cembre 2025 au Forum Fribourg<\/h3>\n<div class=\"table-programm dayondata-2024\">\n<table>\n<thead style=\"text-align: left; width: 100%;\"><\/thead>\n<tbody>\n<tr>\n<th class=\"programm-part\" colspan=\"2\" scope=\"row\">D\u00e9but et vue d\u2019ensemble<\/th>\n<\/tr>\n<tr class=\"bg-grau\">\n<td class=\"FW500\">08h45 \u2013 09h15<\/td>\n<td><i>Arriv\u00e9e et pause-caf\u00e9\/th\u00e9<\/i><\/td>\n<\/tr>\n<tr>\n<td class=\"FW500\">09h15 \u2013 9h20<\/td>\n<td>Accueil et mot de bienvenue<\/td>\n<\/tr>\n<tr>\n<td class=\"FW500\">09h20 \u2013 09h30<\/td>\n<td>Remarques d\u2019introduction du canton de Fribourg<\/td>\n<\/tr>\n<tr>\n<td class=\"FW500\">09h30 \u2013 09h50<\/td>\n<td>Introduction par l\u2019OFS et l\u2019ANS<\/td>\n<\/tr>\n<tr>\n<td class=\"FW500\">09h50 \u2013 10h00<\/td>\n<td>Introduction par la Corstat<\/td>\n<\/tr>\n<tr>\n<td class=\"FW500\">10h00 \u2013 10h30<\/td>\n<td>Setting the scene et \u00e9tat des lieux sur les diff\u00e9rents projets et travaux accomplis en 2025: aper\u00e7u des th\u00e8mes transversaux que sont la statistique publique et la science des donn\u00e9es<\/td>\n<\/tr>\n<tr>\n<td class=\"FW500\">10h30 \u2013 10h40<\/td>\n<td>Vid\u00e9o Crunch sur le Trusted Data Observatory (TDO)<\/td>\n<\/tr>\n<tr class=\"bg-grau\">\n<td class=\"FW500 \">10h40 \u2013 11h00<\/td>\n<td><span class=\"\"><i>Pause-caf\u00e9\/th\u00e9<\/i><\/span><\/td>\n<\/tr>\n<tr>\n<td class=\"FW500\">11h00 \u2013 11h20<\/td>\n<td><span class=\"FW500 red\">Keynote sur les plateformes de donn\u00e9es<\/span><\/td>\n<\/tr>\n<tr>\n<td class=\"FW500\">11h20 \u2013 11h50<\/td>\n<td>Panel<\/td>\n<\/tr>\n<tr>\n<td class=\"FW500\">11h50 \u2013 12h05<\/td>\n<td>Introduction g\u00e9n\u00e9rale sur le sujet et aux ateliers<\/td>\n<\/tr>\n<tr class=\"bg-grau\">\n<td class=\"FW500\"><span class=\"\">12h05 \u2013 13h30<\/span><\/td>\n<td><span class=\"\"><i>Pause de midi (standing lunch)<\/i><\/span><\/td>\n<\/tr>\n<tr>\n<th class=\"programm-part\" colspan=\"2\" scope=\"row\">Ateliers<\/th>\n<\/tr>\n<tr>\n<td class=\"FW500\">13h30 \u2013 14h30<\/td>\n<td class=\"FW500 red\">1<sup>re<\/sup> partie des ateliers<\/td>\n<\/tr>\n<tr class=\"bg-grau\">\n<td class=\"FW500 \">14h30 \u2013 14h35<\/td>\n<td><span class=\"\"><i>D\u00e9placement entre salles<\/i><\/span><\/td>\n<\/tr>\n<tr>\n<td class=\"FW500\">14h35 \u2013 15h35<\/td>\n<td class=\"FW500 red\">2<sup>e<\/sup> partie des ateliers<\/td>\n<\/tr>\n<tr class=\"bg-grau\">\n<td class=\"FW500 \">15h35 \u2013 16h05<\/td>\n<td><span class=\"\"><i>Pause-caf\u00e9\/th\u00e9<\/i><\/span><\/td>\n<\/tr>\n<tr>\n<td class=\"FW500\">16h05 \u2013 16h20<\/td>\n<td>Feedback des ateliers<\/td>\n<\/tr>\n<tr>\n<th class=\"programm-part\" colspan=\"2\" scope=\"row\">Cl\u00f4ture<\/th>\n<\/tr>\n<tr>\n<td class=\"FW500\">16h20 \u2013 16h40<\/td>\n<td><span class=\"FW500 red\">Keynote<\/span><\/td>\n<\/tr>\n<tr>\n<td class=\"FW500\">16h40 \u2013 16h45<\/td>\n<td>Closing<\/td>\n<\/tr>\n<tr class=\"bg-grau\">\n<td class=\"FW500 \">16h45 \u2013 17h30<\/td>\n<td><span class=\"\"><i>Fin de journ\u00e9e, ap\u00e9ritif<\/i><\/span><\/td>\n<\/tr>\n<\/tbody>\n<\/table>\n<\/div>\n<p>&nbsp;<\/p>\n<div class=\"icon\" style=\"border: 1px solid #ddd; border-radius: 5px; padding: 20px 20px 0px 20px;\">\n<p>&nbsp;<\/p>\n<p style=\"font-size: 15px;\">Cet \u00e9v\u00e9nement est exclusivement d\u00e9di\u00e9 aux membres des groupes de travail et des organes de la Swiss Data CommUNITY et accessible uniquement sur invitation. Merci de votre compr\u00e9hension.<\/p>\n<\/div>\n<p>&nbsp;<\/p>\n<div style=\"background-color: #fafafa; padding: 20px;\">\n<h4><i class=\"icon-down-1\" style=\"color:#d8232a\" aria-hidden=\"true\"><\/i> \u00c0 t\u00e9l\u00e9charger<\/h4>\n<p><a href=\"\/wp-content\/uploads\/2025\/11\/swisscommunitydaydata-programm-2025-fr.pdf\" target=\"_blank\" rel=\"noopener\"><i class=\"far fa-file-pdf\" style=\"color:#d8232a\" aria-hidden=\"true\"><\/i> Programme 2025<\/a><br \/>\n<a href=\"\/wp-content\/uploads\/2025\/12\/swisscommunitydaydata-2025-discours-matthias-mazenauer.pdf\" target=\"_blank\" rel=\"noopener\"><i class=\"far fa-file-pdf\" style=\"color:#d8232a\" aria-hidden=\"true\"><\/i> Discours CORSTAT \u2013 Matthias Mazenauer<\/a><br \/>\n<a href=\"\/wp-content\/uploads\/2025\/12\/swisscommunitydaydata-2025-plenum.pdf\" target=\"_blank\" rel=\"noopener\"><i class=\"far fa-file-pdf\" style=\"color:#d8232a\" aria-hidden=\"true\"><\/i> Plenum<\/a><\/p>\n<p><a href=\"https:\/\/swissdatacommunity.ch\/fr\/3e-swiss-community-day-on-data-la-communaute-suisse-des-donnees-se-reunit-a-fribourg-1167\/\">Voir photos<\/a><\/p>\n<\/div>\n<p>&nbsp;<\/p>\n<p><img decoding=\"async\" src=\"https:\/\/swissdatacommunity.ch\/wp-content\/uploads\/2023\/11\/logo-design-v2.svg\" alt=\"design-logo\" \/><\/p>\n<div class=\"share-simple-wrapper share_item\"><span class=\"share-label\">Partager<\/span><div class=\"icons\"><a target=\"_blank\" class=\"facebook\" href=\"https:\/\/www.facebook.com\/sharer\/sharer.php?u=https%3A%2F%2Fswissdatacommunity.ch%2Ffr%2Ftous-evenements%2Fswisscommunity-day-on-data-2025%2F\"><i class=\"icon-facebook\" aria-label=\"facebook icon\"><\/i><\/a><a target=\"_blank\" class=\"twitter\" href=\"https:\/\/twitter.com\/intent\/tweet?text=swissdatacommunity.ch.+https%3A%2F%2Fswissdatacommunity.ch%2Ffr%2Ftous-evenements%2Fswisscommunity-day-on-data-2025%2F\"><i class=\"icon-x-twitter\" aria-label=\"x twitter icon\"><\/i><\/a><a target=\"_blank\" class=\"linkedin\" href=\"https:\/\/www.linkedin.com\/shareArticle?mini=true&url=https%3A%2F%2Fswissdatacommunity.ch%2Ffr%2Ftous-evenements%2Fswisscommunity-day-on-data-2025%2F\"><i class=\"icon-linkedin\" aria-label=\"linkedin icon\"><\/i><\/a><a target=\"_blank\" class=\"pinterest\" href=\"https:\/\/pinterest.com\/pin\/find\/?url=https%3A%2F%2Fswissdatacommunity.ch%2Ffr%2Ftous-evenements%2Fswisscommunity-day-on-data-2025%2F\"><i class=\"icon-pinterest\" aria-label=\"pinterest icon\"><\/i><\/a><\/div><\/div>\n","protected":false},"excerpt":{"rendered":"<p>Nous sommes ravis d\u2019annoncer la 3e \u00e9dition du Swiss Community Day on Data, qui se concentrera sur le th\u00e8me des<span class=\"excerpt-hellip\"> [\u2026]<\/span><\/p>\n","protected":false},"author":1,"featured_media":1002,"comment_status":"closed","ping_status":"closed","template":"","tags":[],"mec_category":[],"class_list":["post-1063","mec-events","type-mec-events","status-publish","has-post-thumbnail","hentry"],"yoast_head":"<!-- This site is optimized with the Yoast SEO plugin v27.5 - https:\/\/yoast.com\/product\/yoast-seo-wordpress\/ -->\n<title>Swiss CommUNITY Day on Data 2025 - swissdatacommunity.ch<\/title>\n<meta name=\"robots\" content=\"index, follow, max-snippet:-1, max-image-preview:large, max-video-preview:-1\" \/>\n<link rel=\"canonical\" href=\"https:\/\/swissdatacommunity.ch\/fr\/tous-evenements\/swisscommunity-day-on-data-2025\/\" \/>\n<meta property=\"og:locale\" content=\"fr_FR\" \/>\n<meta property=\"og:type\" content=\"article\" \/>\n<meta property=\"og:title\" content=\"Swiss CommUNITY Day on Data 2025 - swissdatacommunity.ch\" \/>\n<meta property=\"og:description\" content=\"Nous sommes ravis d\u2019annoncer la 3e \u00e9dition du Swiss Community Day on Data, qui se concentrera sur le th\u00e8me des [\u2026]\" \/>\n<meta property=\"og:url\" content=\"https:\/\/swissdatacommunity.ch\/fr\/tous-evenements\/swisscommunity-day-on-data-2025\/\" \/>\n<meta property=\"og:site_name\" content=\"swissdatacommunity.ch\" \/>\n<meta property=\"article:modified_time\" content=\"2025-12-15T10:26:49+00:00\" \/>\n<meta property=\"og:image\" content=\"https:\/\/swissdatacommunity.ch\/wp-content\/uploads\/2025\/03\/ForumFriboug.jpg\" \/>\n\t<meta property=\"og:image:width\" content=\"920\" \/>\n\t<meta property=\"og:image:height\" content=\"450\" \/>\n\t<meta property=\"og:image:type\" content=\"image\/jpeg\" \/>\n<meta name=\"twitter:card\" content=\"summary_large_image\" \/>\n<meta name=\"twitter:label1\" content=\"Dur\u00e9e de lecture estim\u00e9e\" \/>\n\t<meta name=\"twitter:data1\" content=\"2 minutes\" \/>\n<script type=\"application\/ld+json\" class=\"yoast-schema-graph\">{\"@context\":\"https:\\\/\\\/schema.org\",\"@graph\":[{\"@type\":\"WebPage\",\"@id\":\"https:\\\/\\\/swissdatacommunity.ch\\\/fr\\\/tous-evenements\\\/swisscommunity-day-on-data-2025\\\/\",\"url\":\"https:\\\/\\\/swissdatacommunity.ch\\\/fr\\\/tous-evenements\\\/swisscommunity-day-on-data-2025\\\/\",\"name\":\"Swiss CommUNITY Day on Data 2025 - swissdatacommunity.ch\",\"isPartOf\":{\"@id\":\"https:\\\/\\\/swissdatacommunity.ch\\\/fr\\\/#website\"},\"primaryImageOfPage\":{\"@id\":\"https:\\\/\\\/swissdatacommunity.ch\\\/fr\\\/tous-evenements\\\/swisscommunity-day-on-data-2025\\\/#primaryimage\"},\"image\":{\"@id\":\"https:\\\/\\\/swissdatacommunity.ch\\\/fr\\\/tous-evenements\\\/swisscommunity-day-on-data-2025\\\/#primaryimage\"},\"thumbnailUrl\":\"https:\\\/\\\/swissdatacommunity.ch\\\/wp-content\\\/uploads\\\/2025\\\/03\\\/ForumFriboug.jpg\",\"datePublished\":\"2025-03-24T12:55:50+00:00\",\"dateModified\":\"2025-12-15T10:26:49+00:00\",\"breadcrumb\":{\"@id\":\"https:\\\/\\\/swissdatacommunity.ch\\\/fr\\\/tous-evenements\\\/swisscommunity-day-on-data-2025\\\/#breadcrumb\"},\"inLanguage\":\"fr-FR\",\"potentialAction\":[{\"@type\":\"ReadAction\",\"target\":[\"https:\\\/\\\/swissdatacommunity.ch\\\/fr\\\/tous-evenements\\\/swisscommunity-day-on-data-2025\\\/\"]}]},{\"@type\":\"ImageObject\",\"inLanguage\":\"fr-FR\",\"@id\":\"https:\\\/\\\/swissdatacommunity.ch\\\/fr\\\/tous-evenements\\\/swisscommunity-day-on-data-2025\\\/#primaryimage\",\"url\":\"https:\\\/\\\/swissdatacommunity.ch\\\/wp-content\\\/uploads\\\/2025\\\/03\\\/ForumFriboug.jpg\",\"contentUrl\":\"https:\\\/\\\/swissdatacommunity.ch\\\/wp-content\\\/uploads\\\/2025\\\/03\\\/ForumFriboug.jpg\",\"width\":920,\"height\":450},{\"@type\":\"BreadcrumbList\",\"@id\":\"https:\\\/\\\/swissdatacommunity.ch\\\/fr\\\/tous-evenements\\\/swisscommunity-day-on-data-2025\\\/#breadcrumb\",\"itemListElement\":[{\"@type\":\"ListItem\",\"position\":1,\"name\":\"Home\",\"item\":\"https:\\\/\\\/swissdatacommunity.ch\\\/fr\\\/\"},{\"@type\":\"ListItem\",\"position\":2,\"name\":\"Swiss CommUNITY Day on Data 2025\"}]},{\"@type\":\"WebSite\",\"@id\":\"https:\\\/\\\/swissdatacommunity.ch\\\/fr\\\/#website\",\"url\":\"https:\\\/\\\/swissdatacommunity.ch\\\/fr\\\/\",\"name\":\"swissdatacommUNITY\",\"description\":\"\",\"potentialAction\":[{\"@type\":\"SearchAction\",\"target\":{\"@type\":\"EntryPoint\",\"urlTemplate\":\"https:\\\/\\\/swissdatacommunity.ch\\\/fr\\\/?s={search_term_string}\"},\"query-input\":{\"@type\":\"PropertyValueSpecification\",\"valueRequired\":true,\"valueName\":\"search_term_string\"}}],\"inLanguage\":\"fr-FR\"}]}<\/script>\n<!-- \/ Yoast SEO plugin. -->","yoast_head_json":{"title":"Swiss CommUNITY Day on Data 2025 - swissdatacommunity.ch","robots":{"index":"index","follow":"follow","max-snippet":"max-snippet:-1","max-image-preview":"max-image-preview:large","max-video-preview":"max-video-preview:-1"},"canonical":"https:\/\/swissdatacommunity.ch\/fr\/tous-evenements\/swisscommunity-day-on-data-2025\/","og_locale":"fr_FR","og_type":"article","og_title":"Swiss CommUNITY Day on Data 2025 - swissdatacommunity.ch","og_description":"Nous sommes ravis d\u2019annoncer la 3e \u00e9dition du Swiss Community Day on Data, qui se concentrera sur le th\u00e8me des [\u2026]","og_url":"https:\/\/swissdatacommunity.ch\/fr\/tous-evenements\/swisscommunity-day-on-data-2025\/","og_site_name":"swissdatacommunity.ch","article_modified_time":"2025-12-15T10:26:49+00:00","og_image":[{"width":920,"height":450,"url":"https:\/\/swissdatacommunity.ch\/wp-content\/uploads\/2025\/03\/ForumFriboug.jpg","type":"image\/jpeg"}],"twitter_card":"summary_large_image","twitter_misc":{"Dur\u00e9e de lecture estim\u00e9e":"2 minutes"},"schema":{"@context":"https:\/\/schema.org","@graph":[{"@type":"WebPage","@id":"https:\/\/swissdatacommunity.ch\/fr\/tous-evenements\/swisscommunity-day-on-data-2025\/","url":"https:\/\/swissdatacommunity.ch\/fr\/tous-evenements\/swisscommunity-day-on-data-2025\/","name":"Swiss CommUNITY Day on Data 2025 - swissdatacommunity.ch","isPartOf":{"@id":"https:\/\/swissdatacommunity.ch\/fr\/#website"},"primaryImageOfPage":{"@id":"https:\/\/swissdatacommunity.ch\/fr\/tous-evenements\/swisscommunity-day-on-data-2025\/#primaryimage"},"image":{"@id":"https:\/\/swissdatacommunity.ch\/fr\/tous-evenements\/swisscommunity-day-on-data-2025\/#primaryimage"},"thumbnailUrl":"https:\/\/swissdatacommunity.ch\/wp-content\/uploads\/2025\/03\/ForumFriboug.jpg","datePublished":"2025-03-24T12:55:50+00:00","dateModified":"2025-12-15T10:26:49+00:00","breadcrumb":{"@id":"https:\/\/swissdatacommunity.ch\/fr\/tous-evenements\/swisscommunity-day-on-data-2025\/#breadcrumb"},"inLanguage":"fr-FR","potentialAction":[{"@type":"ReadAction","target":["https:\/\/swissdatacommunity.ch\/fr\/tous-evenements\/swisscommunity-day-on-data-2025\/"]}]},{"@type":"ImageObject","inLanguage":"fr-FR","@id":"https:\/\/swissdatacommunity.ch\/fr\/tous-evenements\/swisscommunity-day-on-data-2025\/#primaryimage","url":"https:\/\/swissdatacommunity.ch\/wp-content\/uploads\/2025\/03\/ForumFriboug.jpg","contentUrl":"https:\/\/swissdatacommunity.ch\/wp-content\/uploads\/2025\/03\/ForumFriboug.jpg","width":920,"height":450},{"@type":"BreadcrumbList","@id":"https:\/\/swissdatacommunity.ch\/fr\/tous-evenements\/swisscommunity-day-on-data-2025\/#breadcrumb","itemListElement":[{"@type":"ListItem","position":1,"name":"Home","item":"https:\/\/swissdatacommunity.ch\/fr\/"},{"@type":"ListItem","position":2,"name":"Swiss CommUNITY Day on Data 2025"}]},{"@type":"WebSite","@id":"https:\/\/swissdatacommunity.ch\/fr\/#website","url":"https:\/\/swissdatacommunity.ch\/fr\/","name":"swissdatacommUNITY","description":"","potentialAction":[{"@type":"SearchAction","target":{"@type":"EntryPoint","urlTemplate":"https:\/\/swissdatacommunity.ch\/fr\/?s={search_term_string}"},"query-input":{"@type":"PropertyValueSpecification","valueRequired":true,"valueName":"search_term_string"}}],"inLanguage":"fr-FR"}]}},"_links":{"self":[{"href":"https:\/\/swissdatacommunity.ch\/fr\/wp-json\/wp\/v2\/mec-events\/1063","targetHints":{"allow":["GET"]}}],"collection":[{"href":"https:\/\/swissdatacommunity.ch\/fr\/wp-json\/wp\/v2\/mec-events"}],"about":[{"href":"https:\/\/swissdatacommunity.ch\/fr\/wp-json\/wp\/v2\/types\/mec-events"}],"author":[{"embeddable":true,"href":"https:\/\/swissdatacommunity.ch\/fr\/wp-json\/wp\/v2\/users\/1"}],"replies":[{"embeddable":true,"href":"https:\/\/swissdatacommunity.ch\/fr\/wp-json\/wp\/v2\/comments?post=1063"}],"wp:featuredmedia":[{"embeddable":true,"href":"https:\/\/swissdatacommunity.ch\/fr\/wp-json\/wp\/v2\/media\/1002"}],"wp:attachment":[{"href":"https:\/\/swissdatacommunity.ch\/fr\/wp-json\/wp\/v2\/media?parent=1063"}],"wp:term":[{"taxonomy":"post_tag","embeddable":true,"href":"https:\/\/swissdatacommunity.ch\/fr\/wp-json\/wp\/v2\/tags?post=1063"},{"taxonomy":"mec_category","embeddable":true,"href":"https:\/\/swissdatacommunity.ch\/fr\/wp-json\/wp\/v2\/mec_category?post=1063"}],"curies":[{"name":"wp","href":"https:\/\/api.w.org\/{rel}","templated":true}]}}